{"id":2730,"date":"2023-11-17T10:02:38","date_gmt":"2023-11-17T10:02:38","guid":{"rendered":"https:\/\/senima.eu\/?page_id=2730"},"modified":"2023-11-29T11:11:56","modified_gmt":"2023-11-29T11:11:56","slug":"kereszthivatkozasu-projektek","status":"publish","type":"page","link":"https:\/\/senima.eu\/hu\/kereszthivatkozasu-projektek\/","title":{"rendered":"Kereszthivatkoz\u00e1s\u00fa projektek"},"content":{"rendered":"\t\t<div data-elementor-type=\"wp-page\" data-elementor-id=\"2730\" class=\"elementor elementor-2730 elementor-2604\">\n\t\t\t\t\t\t<section class=\"elementor-section elementor-top-section elementor-element elementor-element-c5dd41f elementor-section-boxed elementor-section-height-default elementor-section-height-default\" data-id=\"c5dd41f\" data-element_type=\"section\">\n\t\t\t\t\t\t<div class=\"elementor-container elementor-column-gap-default\">\n\t\t\t\t\t<div class=\"aux-parallax-section elementor-column elementor-col-100 elementor-top-column elementor-element elementor-element-501a4d3\" data-id=\"501a4d3\" data-element_type=\"column\">\n\t\t\t<div class=\"elementor-widget-wrap elementor-element-populated\">\n\t\t\t\t\t\t<div class=\"elementor-element elementor-element-a5cae46 elementor-widget elementor-widget-heading\" data-id=\"a5cae46\" data-element_type=\"widget\" data-widget_type=\"heading.default\">\n\t\t\t\t<div class=\"elementor-widget-container\">\n\t\t\t\t\t<h2 class=\"elementor-heading-title elementor-size-default\">Kereszthivatkoz\u00e1s\u00fa projektek<\/h2>\t\t\t\t<\/div>\n\t\t\t\t<\/div>\n\t\t\t\t\t<\/div>\n\t\t<\/div>\n\t\t\t\t\t<\/div>\n\t\t<\/section>\n\t\t\t\t<section class=\"elementor-section elementor-top-section elementor-element elementor-element-37a513e6 elementor-section-boxed elementor-section-height-default elementor-section-height-default\" data-id=\"37a513e6\" data-element_type=\"section\">\n\t\t\t\t\t\t<div class=\"elementor-container elementor-column-gap-default\">\n\t\t\t\t\t<div class=\"aux-parallax-section elementor-column elementor-col-50 elementor-top-column elementor-element elementor-element-1abb5f6\" data-id=\"1abb5f6\" data-element_type=\"column\">\n\t\t\t<div class=\"elementor-widget-wrap elementor-element-populated\">\n\t\t\t\t\t\t<div class=\"elementor-element elementor-element-6e028d03 elementor-widget elementor-widget-image\" data-id=\"6e028d03\" data-element_type=\"widget\" data-widget_type=\"image.default\">\n\t\t\t\t<div class=\"elementor-widget-container\">\n\t\t\t\t\t\t\t\t\t\t\t\t\t\t\t<img fetchpriority=\"high\" decoding=\"async\" width=\"260\" height=\"260\" src=\"https:\/\/senima.eu\/wp-content\/uploads\/2023\/11\/Logo-Green-Angels-e1700219032135.png\" class=\"attachment-large size-large wp-image-2621\" alt=\"\" \/>\t\t\t\t\t\t\t\t\t\t\t\t\t\t\t<\/div>\n\t\t\t\t<\/div>\n\t\t\t\t\t<\/div>\n\t\t<\/div>\n\t\t\t\t<div class=\"aux-parallax-section elementor-column elementor-col-50 elementor-top-column elementor-element elementor-element-7b8f4a99\" data-id=\"7b8f4a99\" data-element_type=\"column\">\n\t\t\t<div class=\"elementor-widget-wrap elementor-element-populated\">\n\t\t\t\t\t\t<div class=\"elementor-element elementor-element-7bb5b441 elementor-widget elementor-widget-heading\" data-id=\"7bb5b441\" data-element_type=\"widget\" data-widget_type=\"heading.default\">\n\t\t\t\t<div class=\"elementor-widget-container\">\n\t\t\t\t\t<h5 class=\"elementor-heading-title elementor-size-default\">Erasmus+ KA220-ADU<\/h5>\t\t\t\t<\/div>\n\t\t\t\t<\/div>\n\t\t\t\t<div class=\"elementor-element elementor-element-635d1719 elementor-widget elementor-widget-heading\" data-id=\"635d1719\" data-element_type=\"widget\" data-widget_type=\"heading.default\">\n\t\t\t\t<div class=\"elementor-widget-container\">\n\t\t\t\t\t<h3 class=\"elementor-heading-title elementor-size-default\">Tov\u00e1bbk\u00e9pz\u00e9si utak kialak\u00edt\u00e1sa, a hozz\u00e1f\u00e9rhet\u0151s\u00e9g jav\u00edt\u00e1sa \u00e9s a feln\u0151ttoktat\u00e1s elterjedts\u00e9g\u00e9nek n\u00f6vel\u00e9se (Creating upskilling pathways,improving accessibility and increasing take-up of adult education)<\/h3>\t\t\t\t<\/div>\n\t\t\t\t<\/div>\n\t\t\t\t<div class=\"elementor-element elementor-element-47bb0992 elementor-widget elementor-widget-heading\" data-id=\"47bb0992\" data-element_type=\"widget\" data-widget_type=\"heading.default\">\n\t\t\t\t<div class=\"elementor-widget-container\">\n\t\t\t\t\t<h6 class=\"elementor-heading-title elementor-size-default\">Projekt referenciasz\u00e1ma: 2021-1-DE02-KA220-ADU-000035384<\/h6>\t\t\t\t<\/div>\n\t\t\t\t<\/div>\n\t\t\t\t<div class=\"elementor-element elementor-element-4128cc28 elementor-widget elementor-widget-heading\" data-id=\"4128cc28\" data-element_type=\"widget\" data-widget_type=\"heading.default\">\n\t\t\t\t<div class=\"elementor-widget-container\">\n\t\t\t\t\t<h6 class=\"elementor-heading-title elementor-size-default\">Projekt weboldala: <a href=\"https:\/\/www.green-angels.eu\/\" target=\"_blank\" style=\"color:#00873C\"> www.green-angels.eu<\/a><\/h6>\t\t\t\t<\/div>\n\t\t\t\t<\/div>\n\t\t\t\t<div class=\"elementor-element elementor-element-57cddbe8 elementor-widget elementor-widget-text-editor\" data-id=\"57cddbe8\" data-element_type=\"widget\" data-widget_type=\"text-editor.default\">\n\t\t\t\t<div class=\"elementor-widget-container\">\n\t\t\t\t\t\t\t\t\t<p><span style=\"font-weight: 400;\">A GREEN ANGELS projekt c\u00e9lja, hogy olyan magas sz\u00ednvonal\u00fa tanul\u00e1si lehet\u0151s\u00e9get teremtsen, amely mag\u00e1ban foglalja az egy\u00e9ni v\u00e1llalkoz\u00e1shoz sz\u00fcks\u00e9ges alapvet\u0151 k\u00e9szs\u00e9gek fejleszt\u00e9s\u00e9t, bele\u00e9rtve a motiv\u00e1ci\u00f3t \u00e9s a t\u00e1rsadalmi integr\u00e1ci\u00f3s tev\u00e9kenys\u00e9geket. A GREEN ANGELS oktat\u00e1si \u00fatvonal c\u00e9lja az alacsony k\u00e9pzetts\u00e9g\u0171 \u00e9s t\u00e1rsadalmilag kirekesztett migr\u00e1nsok \u00e9s kisebbs\u00e9gek k\u00e9pzetts\u00e9g\u00e9nek n\u00f6vel\u00e9se, valamint olyan egy\u00e9ni v\u00e1llalkoz\u00f3i kompetenci\u00e1k biztos\u00edt\u00e1sa, amelyekkel sikerrel vehetik fel a harcot a kirekeszt\u00e9s \u00e9s marginaliz\u00e1ci\u00f3 ellen, valamint amelyek t\u00e1mogatj\u00e1k a munkaer\u0151piacra val\u00f3 bel\u00e9p\u00e9st.<\/span><\/p>\t\t\t\t\t\t\t\t<\/div>\n\t\t\t\t<\/div>\n\t\t\t\t\t<\/div>\n\t\t<\/div>\n\t\t\t\t\t<\/div>\n\t\t<\/section>\n\t\t\t\t<section class=\"elementor-section elementor-top-section elementor-element elementor-element-7c0e997a elementor-section-boxed elementor-section-height-default elementor-section-height-default\" data-id=\"7c0e997a\" data-element_type=\"section\">\n\t\t\t\t\t\t<div class=\"elementor-container elementor-column-gap-default\">\n\t\t\t\t\t<div class=\"aux-parallax-section elementor-column elementor-col-50 elementor-top-column elementor-element elementor-element-338300e8\" data-id=\"338300e8\" data-element_type=\"column\">\n\t\t\t<div class=\"elementor-widget-wrap elementor-element-populated\">\n\t\t\t\t\t\t<div class=\"elementor-element elementor-element-65b8eee7 elementor-widget elementor-widget-image\" data-id=\"65b8eee7\" data-element_type=\"widget\" data-widget_type=\"image.default\">\n\t\t\t\t<div class=\"elementor-widget-container\">\n\t\t\t\t\t\t\t\t\t\t\t\t\t\t\t<img decoding=\"async\" width=\"220\" height=\"202\" src=\"https:\/\/senima.eu\/wp-content\/uploads\/2023\/11\/St-art-up-logo.png\" class=\"attachment-large size-large wp-image-2674\" alt=\"\" \/>\t\t\t\t\t\t\t\t\t\t\t\t\t\t\t<\/div>\n\t\t\t\t<\/div>\n\t\t\t\t\t<\/div>\n\t\t<\/div>\n\t\t\t\t<div class=\"aux-parallax-section elementor-column elementor-col-50 elementor-top-column elementor-element elementor-element-61d5248a\" data-id=\"61d5248a\" data-element_type=\"column\">\n\t\t\t<div class=\"elementor-widget-wrap elementor-element-populated\">\n\t\t\t\t\t\t<div class=\"elementor-element elementor-element-401b4c66 elementor-widget elementor-widget-heading\" data-id=\"401b4c66\" data-element_type=\"widget\" data-widget_type=\"heading.default\">\n\t\t\t\t<div class=\"elementor-widget-container\">\n\t\t\t\t\t<h5 class=\"elementor-heading-title elementor-size-default\">Erasmus+ KA227-ADU<\/h5>\t\t\t\t<\/div>\n\t\t\t\t<\/div>\n\t\t\t\t<div class=\"elementor-element elementor-element-6426f6a6 elementor-widget elementor-widget-heading\" data-id=\"6426f6a6\" data-element_type=\"widget\" data-widget_type=\"heading.default\">\n\t\t\t\t<div class=\"elementor-widget-container\">\n\t\t\t\t\t<h3 class=\"elementor-heading-title elementor-size-default\">\u00daj utak az utcai m\u0171v\u00e9szet sz\u00e1m\u00e1ra az inkluz\u00edv reziliencia \u00e9s a v\u00e1llalkoz\u00f3i k\u00e9szs\u00e9g el\u0151mozd\u00edt\u00e1sa \u00e9rdek\u00e9ben a kreativit\u00e1son kereszt\u00fcl (Building Pathways For Street-Art To Foster Inclusive Resilience And Enterprise Through Creativity)<\/h3>\t\t\t\t<\/div>\n\t\t\t\t<\/div>\n\t\t\t\t<div class=\"elementor-element elementor-element-26e5850c elementor-widget elementor-widget-heading\" data-id=\"26e5850c\" data-element_type=\"widget\" data-widget_type=\"heading.default\">\n\t\t\t\t<div class=\"elementor-widget-container\">\n\t\t\t\t\t<h6 class=\"elementor-heading-title elementor-size-default\">Projekt referenciasz\u00e1ma: 2020-1-FR01-KA227-ADU-095258<\/h6>\t\t\t\t<\/div>\n\t\t\t\t<\/div>\n\t\t\t\t<div class=\"elementor-element elementor-element-592b6966 elementor-widget elementor-widget-heading\" data-id=\"592b6966\" data-element_type=\"widget\" data-widget_type=\"heading.default\">\n\t\t\t\t<div class=\"elementor-widget-container\">\n\t\t\t\t\t<h6 class=\"elementor-heading-title elementor-size-default\">Projekt weboldala: <a href=\"https:\/\/startupstreetart.eu\/\" target=\"_blank\" style=\"color:#00873C\"> startupstreetart.eu<\/a><\/h6>\t\t\t\t<\/div>\n\t\t\t\t<\/div>\n\t\t\t\t<div class=\"elementor-element elementor-element-5507adb8 elementor-widget elementor-widget-text-editor\" data-id=\"5507adb8\" data-element_type=\"widget\" data-widget_type=\"text-editor.default\">\n\t\t\t\t<div class=\"elementor-widget-container\">\n\t\t\t\t\t\t\t\t\t<p><span style=\"font-weight: 400;\">A St&#8217;Art Up projekt c\u00e9lja, hogy az utcai m\u0171v\u00e9szetet eszk\u00f6zk\u00e9nt haszn\u00e1lja fel a t\u00e1rsadalmi kirekeszt\u00e9s \u00e9s elszigetelts\u00e9g elleni k\u00fczdelemben, valamint az els\u0151dleges c\u00e9lcsoport tagjai sz\u00e1m\u00e1ra az akt\u00edv polg\u00e1ri r\u00e9szv\u00e9tel \u00e9s a t\u00e1rsadalmi v\u00e1llalkoz\u00f3i szellem \u00f6szt\u00f6nz\u00e9s\u00e9re.<\/span><\/p><p><span style=\"font-weight: 400;\">A St&#8217;Art Up projekt c\u00e9lja, hogy a c\u00e9lcsoport kulcsfontoss\u00e1g\u00fa tagjai, a fiatal feln\u0151ttek sz\u00e1m\u00e1ra utcai m\u0171v\u00e9szeti p\u00e1ly\u00e1t alak\u00edtson ki. A p\u00e1lya lehet\u0151v\u00e9 teszi sz\u00e1mukra, hogy \u00faj kreat\u00edv\/digit\u00e1lis k\u00e9szs\u00e9gek \u00e9s v\u00e1llalkoz\u00f3i ismeretek elsaj\u00e1t\u00edt\u00e1s\u00e1val fejezz\u00e9k ki \u00e9rz\u00e9seiket \u00e9s gondolataikat, valamint \u00f6tleteiket \u00e9s f\u00e9lelmeiket.<\/span><\/p>\t\t\t\t\t\t\t\t<\/div>\n\t\t\t\t<\/div>\n\t\t\t\t\t<\/div>\n\t\t<\/div>\n\t\t\t\t\t<\/div>\n\t\t<\/section>\n\t\t\t\t<section class=\"elementor-section elementor-top-section elementor-element elementor-element-376bd60b elementor-section-boxed elementor-section-height-default elementor-section-height-default\" data-id=\"376bd60b\" data-element_type=\"section\">\n\t\t\t\t\t\t<div class=\"elementor-container elementor-column-gap-default\">\n\t\t\t\t\t<div class=\"aux-parallax-section elementor-column elementor-col-50 elementor-top-column elementor-element elementor-element-4f55cdec\" data-id=\"4f55cdec\" data-element_type=\"column\">\n\t\t\t<div class=\"elementor-widget-wrap elementor-element-populated\">\n\t\t\t\t\t\t<div class=\"elementor-element elementor-element-2624747 elementor-widget elementor-widget-image\" data-id=\"2624747\" data-element_type=\"widget\" data-widget_type=\"image.default\">\n\t\t\t\t<div class=\"elementor-widget-container\">\n\t\t\t\t\t\t\t\t\t\t\t\t\t\t\t<img decoding=\"async\" width=\"393\" height=\"249\" src=\"https:\/\/senima.eu\/wp-content\/uploads\/2023\/11\/SI-PLUS-Logo.jpg\" class=\"attachment-large size-large wp-image-2691\" alt=\"\" \/>\t\t\t\t\t\t\t\t\t\t\t\t\t\t\t<\/div>\n\t\t\t\t<\/div>\n\t\t\t\t\t<\/div>\n\t\t<\/div>\n\t\t\t\t<div class=\"aux-parallax-section elementor-column elementor-col-50 elementor-top-column elementor-element elementor-element-33b68380\" data-id=\"33b68380\" data-element_type=\"column\">\n\t\t\t<div class=\"elementor-widget-wrap elementor-element-populated\">\n\t\t\t\t\t\t<div class=\"elementor-element elementor-element-1c0ca007 elementor-widget elementor-widget-heading\" data-id=\"1c0ca007\" data-element_type=\"widget\" data-widget_type=\"heading.default\">\n\t\t\t\t<div class=\"elementor-widget-container\">\n\t\t\t\t\t<h5 class=\"elementor-heading-title elementor-size-default\">A foglalkoztat\u00e1s \u00e9s a szoci\u00e1lis innov\u00e1ci\u00f3 eur\u00f3pai programja (EaSI)<\/h5>\t\t\t\t<\/div>\n\t\t\t\t<\/div>\n\t\t\t\t<div class=\"elementor-element elementor-element-153c6eb4 elementor-widget elementor-widget-heading\" data-id=\"153c6eb4\" data-element_type=\"widget\" data-widget_type=\"heading.default\">\n\t\t\t\t<div class=\"elementor-widget-container\">\n\t\t\t\t\t<h3 class=\"elementor-heading-title elementor-size-default\">T\u00e1rsadalmi Innov\u00e1ci\u00f3 Plusz - Kompetencia K\u00f6zpontok (Social Innovation Plus \u2013 Competence Centres (SI Plus)<\/h3>\t\t\t\t<\/div>\n\t\t\t\t<\/div>\n\t\t\t\t<div class=\"elementor-element elementor-element-564c8fff elementor-widget elementor-widget-heading\" data-id=\"564c8fff\" data-element_type=\"widget\" data-widget_type=\"heading.default\">\n\t\t\t\t<div class=\"elementor-widget-container\">\n\t\t\t\t\t<h6 class=\"elementor-heading-title elementor-size-default\">Projekt referenciasz\u00e1ma: VS\/2021\/0136<\/h6>\t\t\t\t<\/div>\n\t\t\t\t<\/div>\n\t\t\t\t<div class=\"elementor-element elementor-element-41c59b4e elementor-widget elementor-widget-heading\" data-id=\"41c59b4e\" data-element_type=\"widget\" data-widget_type=\"heading.default\">\n\t\t\t\t<div class=\"elementor-widget-container\">\n\t\t\t\t\t<h6 class=\"elementor-heading-title elementor-size-default\">Projekt weboldala: <a href=\"https:\/\/si.plus\/\" target=\"_blank\" style=\"color:#00873C\"> si.plus<\/a><\/h6>\t\t\t\t<\/div>\n\t\t\t\t<\/div>\n\t\t\t\t<div class=\"elementor-element elementor-element-5d1ba813 elementor-widget elementor-widget-text-editor\" data-id=\"5d1ba813\" data-element_type=\"widget\" data-widget_type=\"text-editor.default\">\n\t\t\t\t<div class=\"elementor-widget-container\">\n\t\t\t\t\t\t\t\t\t<p><span style=\"font-weight: 400;\">Az SI Plus projekt c\u00e9lja, hogy Ausztri\u00e1ban, Bulg\u00e1ri\u00e1ban, Magyarorsz\u00e1gon \u00e9s Szlov\u00e1ki\u00e1ban olyan nemzeti t\u00e1rsadalmi innov\u00e1ci\u00f3s kompetenciak\u00f6zpontokat hozzon l\u00e9tre, amelyek t\u00e1mogatj\u00e1k az ESZA+ ir\u00e1ny\u00edt\u00f3 hat\u00f3s\u00e1gokat a t\u00e1rsadalmi innov\u00e1ci\u00f3 \u00f6szt\u00f6nz\u00e9s\u00e9t c\u00e9lz\u00f3 t\u00e1mogat\u00e1si programok tervez\u00e9s\u00e9ben \u00e9s v\u00e9grehajt\u00e1s\u00e1ban. A projekt emellett t\u00e1mogatja a t\u00e1rsadalmi innov\u00e1torokat, hogy a c\u00e9lzott t\u00e1mogat\u00e1si programokb\u00f3l a legt\u00f6bbet profit\u00e1lhassanak, valamint a t\u00f6bbi kompetencia k\u00f6zpontot h\u00e1l\u00f3zat\u00e9p\u00edt\u00e9ssel \u00e9s tud\u00e1scser\u00e9vel annak \u00e9rdek\u00e9ben, hogy a fent eml\u00edtett ter\u00fcleteken hat\u00e9konyabbak legyenek.<\/span><\/p><p><span style=\"font-weight: 400;\">Az SI Plus c\u00e9ljainak el\u00e9r\u00e9se \u00e9rdek\u00e9ben a projekt tev\u00e9kenys\u00e9gei k\u00f6z\u00e9 tartozik a nemzeti t\u00e1rsadalmi innov\u00e1ci\u00f3s \u00f6kosziszt\u00e9m\u00e1k \u00e9s t\u00e1mogat\u00e1si strukt\u00far\u00e1k felt\u00e9rk\u00e9pez\u00e9se. A felt\u00e9rk\u00e9pez\u00e9s eredm\u00e9nyei \u00e9s a projekt v\u00e9grehajt\u00e1sa sor\u00e1n szerzett tapasztalatok alapj\u00e1n nemzeti t\u00e1rsadalmi innov\u00e1ci\u00f3s strat\u00e9gi\u00e1k kidolgoz\u00e1s\u00e1ra ker\u00fcl sor. A k\u00f6lcs\u00f6n\u00f6s tanul\u00e1s \u00e9s tapasztalatcsere a projekt kulcsfontoss\u00e1g\u00fa elemei k\u00f6z\u00e9 tartoznak nemzeti \u00e9s transznacion\u00e1lis szinten egyar\u00e1nt. Helyi \u00e9s nemzetk\u00f6zi h\u00e1l\u00f3zat\u00e9p\u00edt\u00e9si \u00e9s tud\u00e1smegoszt\u00e1si esem\u00e9nyek, tematikus h\u00e1l\u00f3zati tal\u00e1lkoz\u00f3k \u00e9s j\u00f3gyakorlat megoszt\u00e1s\u00e1ra vonatkoz\u00f3 tal\u00e1lkoz\u00f3k t\u00e1mogatj\u00e1k a nemzeti \u00e9s eur\u00f3pai t\u00e1rsadalmi innov\u00e1ci\u00f3s \u00f6kosziszt\u00e9m\u00e1k kulcsszerepl\u0151inek kapacit\u00e1s \u00e9p\u00edt\u00e9s\u00e9t. Ezen t\u00falmen\u0151en k\u00fcl\u00f6nb\u00f6z\u0151 orsz\u00e1gspecifikus tev\u00e9kenys\u00e9gek \u00e9s szolg\u00e1ltat\u00e1sok, mint p\u00e9ld\u00e1ul a t\u00e1rsadalmi innov\u00e1ci\u00f3s eszk\u00f6zt\u00e1r Bulg\u00e1ri\u00e1ban \u00e9s Ausztri\u00e1ban, a t\u00e1rsadalmi innov\u00e1ci\u00f3s verseny \u00e9s d\u00edj Magyarorsz\u00e1gon, vagy a t\u00e1rsadalmi innov\u00e1ci\u00f3s bev\u00e1lt gyakorlatok lelt\u00e1ra Szlov\u00e1ki\u00e1ban, nemzeti szinten t\u00e1mogatj\u00e1k az \u00e1gazat fejl\u0151d\u00e9s\u00e9t.<\/span><\/p>\t\t\t\t\t\t\t\t<\/div>\n\t\t\t\t<\/div>\n\t\t\t\t\t<\/div>\n\t\t<\/div>\n\t\t\t\t\t<\/div>\n\t\t<\/section>\n\t\t\t\t<section class=\"elementor-section elementor-top-section elementor-element elementor-element-69ea52d9 elementor-section-boxed elementor-section-height-default elementor-section-height-default\" data-id=\"69ea52d9\" data-element_type=\"section\">\n\t\t\t\t\t\t<div class=\"elementor-container elementor-column-gap-default\">\n\t\t\t\t\t<div class=\"aux-parallax-section elementor-column elementor-col-50 elementor-top-column elementor-element elementor-element-6ffede9a\" data-id=\"6ffede9a\" data-element_type=\"column\">\n\t\t\t<div class=\"elementor-widget-wrap elementor-element-populated\">\n\t\t\t\t\t\t<div class=\"elementor-element elementor-element-1b7dd49e elementor-widget elementor-widget-image\" data-id=\"1b7dd49e\" data-element_type=\"widget\" data-widget_type=\"image.default\">\n\t\t\t\t<div class=\"elementor-widget-container\">\n\t\t\t\t\t\t\t\t\t\t\t\t\t\t\t<img loading=\"lazy\" decoding=\"async\" width=\"304\" height=\"101\" src=\"https:\/\/senima.eu\/wp-content\/uploads\/2023\/11\/InnoSocial_logo_clean.png\" class=\"attachment-large size-large wp-image-2705\" alt=\"\" srcset=\"https:\/\/senima.eu\/wp-content\/uploads\/2023\/11\/InnoSocial_logo_clean.png 304w, https:\/\/senima.eu\/wp-content\/uploads\/2023\/11\/InnoSocial_logo_clean-300x101.png 300w\" sizes=\"(max-width: 304px) 100vw, 304px\" \/>\t\t\t\t\t\t\t\t\t\t\t\t\t\t\t<\/div>\n\t\t\t\t<\/div>\n\t\t\t\t\t<\/div>\n\t\t<\/div>\n\t\t\t\t<div class=\"aux-parallax-section elementor-column elementor-col-50 elementor-top-column elementor-element elementor-element-18d2e605\" data-id=\"18d2e605\" data-element_type=\"column\">\n\t\t\t<div class=\"elementor-widget-wrap elementor-element-populated\">\n\t\t\t\t\t\t<div class=\"elementor-element elementor-element-399fe742 elementor-widget elementor-widget-heading\" data-id=\"399fe742\" data-element_type=\"widget\" data-widget_type=\"heading.default\">\n\t\t\t\t<div class=\"elementor-widget-container\">\n\t\t\t\t\t<h5 class=\"elementor-heading-title elementor-size-default\">Erasmus+ KA220-HED<\/h5>\t\t\t\t<\/div>\n\t\t\t\t<\/div>\n\t\t\t\t<div class=\"elementor-element elementor-element-2f18d3fb elementor-widget elementor-widget-heading\" data-id=\"2f18d3fb\" data-element_type=\"widget\" data-widget_type=\"heading.default\">\n\t\t\t\t<div class=\"elementor-widget-container\">\n\t\t\t\t\t<h3 class=\"elementor-heading-title elementor-size-default\">InnoSocial. Az inkluz\u00edv innov\u00e1ci\u00f3 \u00e9s a t\u00e1rsadalmi v\u00e1llalkoz\u00e1s el\u0151t\u00e9rbe helyez\u00e9se a fels\u0151oktat\u00e1sban (InnoSocial. Mainstreaming Inclusive Innovation and Social Entrepreneurship in Higher Education)<\/h3>\t\t\t\t<\/div>\n\t\t\t\t<\/div>\n\t\t\t\t<div class=\"elementor-element elementor-element-1d820df1 elementor-widget elementor-widget-heading\" data-id=\"1d820df1\" data-element_type=\"widget\" data-widget_type=\"heading.default\">\n\t\t\t\t<div class=\"elementor-widget-container\">\n\t\t\t\t\t<h6 class=\"elementor-heading-title elementor-size-default\">Projekt referenciasz\u00e1ma: 2022-1-PL01-KA220-HED-000089820<\/h6>\t\t\t\t<\/div>\n\t\t\t\t<\/div>\n\t\t\t\t<div class=\"elementor-element elementor-element-6859b076 elementor-widget elementor-widget-heading\" data-id=\"6859b076\" data-element_type=\"widget\" data-widget_type=\"heading.default\">\n\t\t\t\t<div class=\"elementor-widget-container\">\n\t\t\t\t\t<h6 class=\"elementor-heading-title elementor-size-default\">Projekt weboldala: <a href=\"https:\/\/www.innosocial.eu\/\" target=\"_blank\" style=\"color:#00873C\"> innosocial.eu<\/a><\/h6>\t\t\t\t<\/div>\n\t\t\t\t<\/div>\n\t\t\t\t<div class=\"elementor-element elementor-element-1b25ce65 elementor-widget elementor-widget-text-editor\" data-id=\"1b25ce65\" data-element_type=\"widget\" data-widget_type=\"text-editor.default\">\n\t\t\t\t<div class=\"elementor-widget-container\">\n\t\t\t\t\t\t\t\t\t<p><span style=\"font-weight: 400;\">A projekt \u00e1tfog\u00f3 c\u00e9lja, hogy el\u0151seg\u00edtse az inkluz\u00edv innov\u00e1ci\u00f3 \u00e9s a t\u00e1rsadalmi v\u00e1llalkoz\u00f3i szellem oktat\u00e1s\u00e1nak \u00e9s k\u00e9pz\u00e9s\u00e9nek be\u00e9p\u00edt\u00e9s\u00e9t az egyetemi tantervbe, ez\u00e1ltal el\u0151seg\u00edtve a t\u00e1rsadalmi dimenzi\u00f3 sz\u00e9lesebb k\u00f6r\u0171 integr\u00e1ci\u00f3j\u00e1t a fels\u0151oktat\u00e1si int\u00e9zm\u00e9nyek \u00e1ltal alkalmazott tud\u00e1sh\u00e1romsz\u00f6g gyakorlataiba.\u00a0 Konkr\u00e9t c\u00e9lok: (1) \u00c1tfog\u00f3 alapot ny\u00fajtani az inkluz\u00edv innov\u00e1ci\u00f3 \u00e9s a t\u00e1rsadalmi v\u00e1llalkoz\u00f3i szellem (II&amp;SE) oktat\u00e1s\u00e1nak megtervez\u00e9s\u00e9hez \u00e9s megval\u00f3s\u00edt\u00e1s\u00e1hoz, (2) hozz\u00e1j\u00e1rulni az II&amp;SE oktat\u00e1si \u00e9s tanul\u00e1si alapj\u00e1hoz, (3) jav\u00edtani a fels\u0151oktat\u00e1si int\u00e9zm\u00e9nyek oktat\u00f3inak kapacit\u00e1s\u00e1t az II&amp;SE oktat\u00e1s\u00e1nak megtervez\u00e9s\u00e9hez \u00e9s megval\u00f3s\u00edt\u00e1s\u00e1hoz, (4) a f\u0151 \u00e9rdekeltek k\u00f6r\u00e9ben tudatos\u00edtani a fels\u0151oktat\u00e1si int\u00e9zm\u00e9nyek szerep\u00e9t az II&amp;SE el\u0151mozd\u00edt\u00e1s\u00e1ban.<\/span><\/p>\t\t\t\t\t\t\t\t<\/div>\n\t\t\t\t<\/div>\n\t\t\t\t\t<\/div>\n\t\t<\/div>\n\t\t\t\t\t<\/div>\n\t\t<\/section>\n\t\t\t\t<section class=\"elementor-section elementor-top-section elementor-element elementor-element-2465dd68 elementor-section-boxed elementor-section-height-default elementor-section-height-default\" data-id=\"2465dd68\" data-element_type=\"section\">\n\t\t\t\t\t\t<div class=\"elementor-container elementor-column-gap-default\">\n\t\t\t\t\t<div class=\"aux-parallax-section elementor-column elementor-col-50 elementor-top-column elementor-element elementor-element-68af699c\" data-id=\"68af699c\" data-element_type=\"column\">\n\t\t\t<div class=\"elementor-widget-wrap elementor-element-populated\">\n\t\t\t\t\t\t<div class=\"elementor-element elementor-element-5b5d1c45 elementor-widget elementor-widget-image\" data-id=\"5b5d1c45\" data-element_type=\"widget\" data-widget_type=\"image.default\">\n\t\t\t\t<div class=\"elementor-widget-container\">\n\t\t\t\t\t\t\t\t\t\t\t\t\t\t\t<img loading=\"lazy\" decoding=\"async\" width=\"300\" height=\"300\" src=\"https:\/\/senima.eu\/wp-content\/uploads\/2023\/11\/sehub-logo-04.png\" class=\"attachment-large size-large wp-image-2713\" alt=\"\" srcset=\"https:\/\/senima.eu\/wp-content\/uploads\/2023\/11\/sehub-logo-04.png 300w, https:\/\/senima.eu\/wp-content\/uploads\/2023\/11\/sehub-logo-04-150x150.png 150w\" sizes=\"(max-width: 300px) 100vw, 300px\" \/>\t\t\t\t\t\t\t\t\t\t\t\t\t\t\t<\/div>\n\t\t\t\t<\/div>\n\t\t\t\t\t<\/div>\n\t\t<\/div>\n\t\t\t\t<div class=\"aux-parallax-section elementor-column elementor-col-50 elementor-top-column elementor-element elementor-element-5bb26ef7\" data-id=\"5bb26ef7\" data-element_type=\"column\">\n\t\t\t<div class=\"elementor-widget-wrap elementor-element-populated\">\n\t\t\t\t\t\t<div class=\"elementor-element elementor-element-4ad5a3ae elementor-widget elementor-widget-heading\" data-id=\"4ad5a3ae\" data-element_type=\"widget\" data-widget_type=\"heading.default\">\n\t\t\t\t<div class=\"elementor-widget-container\">\n\t\t\t\t\t<h5 class=\"elementor-heading-title elementor-size-default\">Erasmus+ KA3: Social inclusion and common values: the contribution in the field of education, training and youth<\/h5>\t\t\t\t<\/div>\n\t\t\t\t<\/div>\n\t\t\t\t<div class=\"elementor-element elementor-element-42d948d9 elementor-widget elementor-widget-heading\" data-id=\"42d948d9\" data-element_type=\"widget\" data-widget_type=\"heading.default\">\n\t\t\t\t<div class=\"elementor-widget-container\">\n\t\t\t\t\t<h3 class=\"elementor-heading-title elementor-size-default\">SEHUBS: T\u00e1rsadalmi v\u00e1llalkoz\u00e1sok k\u00f6zpontjainak l\u00e9trehoz\u00e1sa (SEHUBS:Co-creating Hubs for Social Enterprises)<\/h3>\t\t\t\t<\/div>\n\t\t\t\t<\/div>\n\t\t\t\t<div class=\"elementor-element elementor-element-4112cda elementor-widget elementor-widget-heading\" data-id=\"4112cda\" data-element_type=\"widget\" data-widget_type=\"heading.default\">\n\t\t\t\t<div class=\"elementor-widget-container\">\n\t\t\t\t\t<h6 class=\"elementor-heading-title elementor-size-default\">Projekt referenciasz\u00e1ma 621421-EPP-1-2020-1-IT-EPPKA3-IPI-SOC-IN<\/h6>\t\t\t\t<\/div>\n\t\t\t\t<\/div>\n\t\t\t\t<div class=\"elementor-element elementor-element-50df870a elementor-widget elementor-widget-heading\" data-id=\"50df870a\" data-element_type=\"widget\" data-widget_type=\"heading.default\">\n\t\t\t\t<div class=\"elementor-widget-container\">\n\t\t\t\t\t<h6 class=\"elementor-heading-title elementor-size-default\">Projekt weboldala: <a href=\"https:\/\/se-hubs.eu\/\" target=\"_blank\" style=\"color:#00873C\"> se-hubs.eu<\/a><\/h6>\t\t\t\t<\/div>\n\t\t\t\t<\/div>\n\t\t\t\t<div class=\"elementor-element elementor-element-4978b0ca elementor-widget elementor-widget-text-editor\" data-id=\"4978b0ca\" data-element_type=\"widget\" data-widget_type=\"text-editor.default\">\n\t\t\t\t<div class=\"elementor-widget-container\">\n\t\t\t\t\t\t\t\t\t<p><span style=\"font-weight: 400;\">A projekt \u00e1ltal\u00e1nos c\u00e9lja, hogy a k\u00fcl\u00f6nb\u00f6z\u0151 h\u00e1tr\u00e1nyos helyzet\u0171 csoportokkal dolgoz\u00f3, vagy a k\u00fcl\u00f6nb\u00f6z\u0151 ter\u00fcleteken (kult\u00fara, sport, foglalkoztat\u00e1s stb.) t\u00e1rsadalmi probl\u00e9m\u00e1k megold\u00e1s\u00e1t c\u00e9lz\u00f3 t\u00e1rsadalmi v\u00e1llalkoz\u00e1sok sz\u00e1m\u00e1ra egy innovat\u00edv t\u00e1rsalkot\u00e1si k\u00f6zpont modellj\u00e9t dolgozza ki, \u00e9s k\u00fcl\u00f6nb\u00f6z\u0151 helyi kontextusokban tesztelje annak gyakorlati alkalmaz\u00e1s\u00e1t.<\/span><\/p><p><span style=\"font-weight: 400;\">A t\u00e1rsadalmi v\u00e1llalkoz\u00e1sok (SE) k\u00f6zpontjai olyan nem form\u00e1lis oktat\u00e1si \u00e9s k\u00e9pz\u00e9si int\u00e9zm\u00e9nyekk\u00e9nt m\u0171k\u00f6dnek, amelyek k\u00fcl\u00f6nb\u00f6z\u0151 t\u00edpus\u00fa t\u00e1mogat\u00e1st ny\u00fajtanak a k\u00fcl\u00f6nb\u00f6z\u0151 t\u00e1rsadalmi h\u00e1tter\u0171 t\u00e1rsadalmi v\u00e1llalkoz\u00e1sok vezet\u0151inek \u00e9s operat\u00edv szem\u00e9lyzet\u00e9nek. A t\u00e1rsadalmi v\u00e1llalkoz\u00e1si k\u00f6zpontok tev\u00e9kenys\u00e9g\u00e9nek kedvezm\u00e9nyezettjei &#8211; maguk a t\u00e1rsadalmi v\u00e1llalkoz\u00e1sok &#8211; j\u00f3 gyakorlatnak bizonyultak a t\u00e1rsadalmi befogad\u00e1s biztos\u00edt\u00e1s\u00e1ban.<\/span><\/p>\t\t\t\t\t\t\t\t<\/div>\n\t\t\t\t<\/div>\n\t\t\t\t\t<\/div>\n\t\t<\/div>\n\t\t\t\t\t<\/div>\n\t\t<\/section>\n\t\t\t\t<section class=\"elementor-section elementor-top-section elementor-element elementor-element-2653cc32 elementor-section-boxed elementor-section-height-default elementor-section-height-default\" data-id=\"2653cc32\" data-element_type=\"section\">\n\t\t\t\t\t\t<div class=\"elementor-container elementor-column-gap-default\">\n\t\t\t\t\t<div class=\"aux-parallax-section elementor-column elementor-col-50 elementor-top-column elementor-element elementor-element-13ff12f6\" data-id=\"13ff12f6\" data-element_type=\"column\">\n\t\t\t<div class=\"elementor-widget-wrap elementor-element-populated\">\n\t\t\t\t\t\t<div class=\"elementor-element elementor-element-2f6e21f2 elementor-widget elementor-widget-image\" data-id=\"2f6e21f2\" data-element_type=\"widget\" data-widget_type=\"image.default\">\n\t\t\t\t<div class=\"elementor-widget-container\">\n\t\t\t\t\t\t\t\t\t\t\t\t\t\t\t<img loading=\"lazy\" decoding=\"async\" width=\"410\" height=\"154\" src=\"https:\/\/senima.eu\/wp-content\/uploads\/2023\/11\/BASE-Project_Logo_.png\" class=\"attachment-large size-large wp-image-2722\" alt=\"\" \/>\t\t\t\t\t\t\t\t\t\t\t\t\t\t\t<\/div>\n\t\t\t\t<\/div>\n\t\t\t\t\t<\/div>\n\t\t<\/div>\n\t\t\t\t<div class=\"aux-parallax-section elementor-column elementor-col-50 elementor-top-column elementor-element elementor-element-293a5561\" data-id=\"293a5561\" data-element_type=\"column\">\n\t\t\t<div class=\"elementor-widget-wrap elementor-element-populated\">\n\t\t\t\t\t\t<div class=\"elementor-element elementor-element-6e93e075 elementor-widget elementor-widget-heading\" data-id=\"6e93e075\" data-element_type=\"widget\" data-widget_type=\"heading.default\">\n\t\t\t\t<div class=\"elementor-widget-container\">\n\t\t\t\t\t<h5 class=\"elementor-heading-title elementor-size-default\">ERASMUS+ Alliances for Innovation - Sectoral Cooperation on Skills<\/h5>\t\t\t\t<\/div>\n\t\t\t\t<\/div>\n\t\t\t\t<div class=\"elementor-element elementor-element-33a25c6e elementor-widget elementor-widget-heading\" data-id=\"33a25c6e\" data-element_type=\"widget\" data-widget_type=\"heading.default\">\n\t\t\t\t<div class=\"elementor-widget-container\">\n\t\t\t\t\t<h3 class=\"elementor-heading-title elementor-size-default\">(Blueprint for Social Economy and Proximity Skills &amp; Advanced Trainings Schemes Adaptable to diverse Social Economy Ecosystem in Europe - BASE)<\/h3>\t\t\t\t<\/div>\n\t\t\t\t<\/div>\n\t\t\t\t<div class=\"elementor-element elementor-element-7707d46b elementor-widget elementor-widget-heading\" data-id=\"7707d46b\" data-element_type=\"widget\" data-widget_type=\"heading.default\">\n\t\t\t\t<div class=\"elementor-widget-container\">\n\t\t\t\t\t<h6 class=\"elementor-heading-title elementor-size-default\">Projekt referenciasz\u00e1ma: 101055640 - BASE - ERASMUS-EDU-2021-PI-ALL-INNO<\/h6>\t\t\t\t<\/div>\n\t\t\t\t<\/div>\n\t\t\t\t<div class=\"elementor-element elementor-element-7cdc1c98 elementor-widget elementor-widget-heading\" data-id=\"7cdc1c98\" data-element_type=\"widget\" data-widget_type=\"heading.default\">\n\t\t\t\t<div class=\"elementor-widget-container\">\n\t\t\t\t\t<h6 class=\"elementor-heading-title elementor-size-default\">Projekt weboldala: <a href=\"https:\/\/socialeconomyskills.eu\/\" target=\"_blank\" style=\"color:#00873C\">socialeconomyskills.eu<\/a><\/h6>\t\t\t\t<\/div>\n\t\t\t\t<\/div>\n\t\t\t\t<div class=\"elementor-element elementor-element-10d9aec4 elementor-widget elementor-widget-text-editor\" data-id=\"10d9aec4\" data-element_type=\"widget\" data-widget_type=\"text-editor.default\">\n\t\t\t\t<div class=\"elementor-widget-container\">\n\t\t\t\t\t\t\t\t\t<p><span style=\"font-weight: 400;\">A BASE projekt lehet\u0151v\u00e9 teszi a tud\u00e1s megoszt\u00e1s\u00e1t a fels\u0151oktat\u00e1s, a szakk\u00e9pz\u00e9s \u00e9s a k\u00e9pz\u00e9s k\u00f6z\u00f6tt a szoci\u00e1lis gazdas\u00e1g szerepl\u0151inek a seg\u00edts\u00e9g\u00e9vel, ezzel hozz\u00e1j\u00e1rulva az \u00f6kosziszt\u00e9ma n\u00f6veked\u00e9s\u00e9hez. A projekt kit\u00e9r a nem megfelel\u0151 k\u00e9szs\u00e9gek vizsg\u00e1lat\u00e1ra \u00e9s \u00faj k\u00e9szs\u00e9geket biztos\u00edt az SE-\u00e1gazat foglalkoz\u00e1si profiljainak figyelembe v\u00e9tel\u00e9vel. Ennek eredm\u00e9nyek\u00e9ppen a munkav\u00e1llal\u00f3k \u00e9s a munk\u00e1ltat\u00f3k a v\u00e1ratlan kih\u00edv\u00e1sokra rugalmasabban reag\u00e1lhatnak, pl. k\u00fcl\u00f6nb\u00f6z\u0151 munkam\u00f3dszerek alkalmaz\u00e1s\u00e1val, a digit\u00e1lis technol\u00f3gia el\u0151ny\u00f6s felhaszn\u00e1l\u00e1s\u00e1val, valamint a neh\u00e9zs\u00e9gek idej\u00e9n a munkav\u00e1llal\u00f3k motiv\u00e1lt \u00e9s inspir\u00e1lt \u00e1llapotban tart\u00e1s\u00e1val. A projektben r\u00e9szt vev\u0151 legfontosabb \u00e9rdekelt felek k\u00f6z\u00f6tt megtal\u00e1lhat\u00f3ak v\u00e1llalatok, oktat\u00e1si \u00e9s k\u00e9pz\u00e9si szolg\u00e1ltat\u00f3k, kutat\u00f3int\u00e9zetek, t\u00e1rsadalmi partnerek, valamint \u00e1gazati szak\u00e9rt\u0151k is. <\/span><\/p>\t\t\t\t\t\t\t\t<\/div>\n\t\t\t\t<\/div>\n\t\t\t\t\t<\/div>\n\t\t<\/div>\n\t\t\t\t\t<\/div>\n\t\t<\/section>\n\t\t\t\t<\/div>\n\t\t","protected":false},"excerpt":{"rendered":"<p>Kereszthivatkoz\u00e1s\u00fa projektek Erasmus+ KA220-ADU Tov\u00e1bbk\u00e9pz\u00e9si utak kialak\u00edt\u00e1sa, a hozz\u00e1f\u00e9rhet\u0151s\u00e9g jav\u00edt\u00e1sa \u00e9s a feln\u0151ttoktat\u00e1s elterjedts\u00e9g\u00e9nek n\u00f6vel\u00e9se (Creating upskilling pathways,improving accessibility and increasing take-up of adult education) Projekt referenciasz\u00e1ma: 2021-1-DE02-KA220-ADU-000035384 Projekt weboldala: www.green-angels.eu A GREEN ANGELS projekt c\u00e9lja, hogy olyan magas sz\u00ednvonal\u00fa tanul\u00e1si lehet\u0151s\u00e9get teremtsen, amely mag\u00e1ban foglalja az egy\u00e9ni v\u00e1llalkoz\u00e1shoz sz\u00fcks\u00e9ges alapvet\u0151 k\u00e9szs\u00e9gek fejleszt\u00e9s\u00e9t, bele\u00e9rtve a [&hellip;]<\/p>\n","protected":false},"author":1,"featured_media":0,"parent":0,"menu_order":0,"comment_status":"closed","ping_status":"closed","template":"","meta":{"footnotes":""},"categories":[],"tags":[],"class_list":["post-2730","page","type-page","status-publish","hentry"],"jetpack_sharing_enabled":true,"_links":{"self":[{"href":"https:\/\/senima.eu\/hu\/wp-json\/wp\/v2\/pages\/2730","targetHints":{"allow":["GET"]}}],"collection":[{"href":"https:\/\/senima.eu\/hu\/wp-json\/wp\/v2\/pages"}],"about":[{"href":"https:\/\/senima.eu\/hu\/wp-json\/wp\/v2\/types\/page"}],"author":[{"embeddable":true,"href":"https:\/\/senima.eu\/hu\/wp-json\/wp\/v2\/users\/1"}],"replies":[{"embeddable":true,"href":"https:\/\/senima.eu\/hu\/wp-json\/wp\/v2\/comments?post=2730"}],"version-history":[{"count":0,"href":"https:\/\/senima.eu\/hu\/wp-json\/wp\/v2\/pages\/2730\/revisions"}],"wp:attachment":[{"href":"https:\/\/senima.eu\/hu\/wp-json\/wp\/v2\/media?parent=2730"}],"wp:term":[{"taxonomy":"category","embeddable":true,"href":"https:\/\/senima.eu\/hu\/wp-json\/wp\/v2\/categories?post=2730"},{"taxonomy":"post_tag","embeddable":true,"href":"https:\/\/senima.eu\/hu\/wp-json\/wp\/v2\/tags?post=2730"}],"curies":[{"name":"wp","href":"https:\/\/api.w.org\/{rel}","templated":true}]}}